{"id":6093,"date":"2025-08-03T18:27:36","date_gmt":"2025-08-03T16:27:36","guid":{"rendered":"https:\/\/www.jg-media.eu\/?page_id=6093"},"modified":"2025-08-19T18:09:54","modified_gmt":"2025-08-19T16:09:54","slug":"zasady-ochrany-osobnych-udajov","status":"publish","type":"page","link":"https:\/\/www.jg-media.eu\/cs\/zasady-ochrany-osobnych-udajov\/","title":{"rendered":"Z\u00e1sady ochrany osobn\u00fdch \u00fadajov"},"content":{"rendered":"<p class=\"qtranxs-available-languages-message qtranxs-available-languages-message-cs\">Omlouv\u00e1me se, tato polo\u017eka je k dispozici pouze v <a href=\"https:\/\/www.jg-media.eu\/sk\/wp-json\/wp\/v2\/pages\/6093\" class=\"qtranxs-available-language-link qtranxs-available-language-link-sk\" title=\"Sloven\u010dina\">Sloven\u010dina<\/a>.<\/p><div class=\"wp-block-stackable-heading stk-block-heading stk-block-heading--v2 stk-block stk-6647e7d\" id=\"zasady-ochrany-osobnych-udajov\" data-block-id=\"6647e7d\"><h2 class=\"stk-block-heading__text\">Z\u00e1sady ochrany osobn\u00fdch \u00fadajov<\/h2><\/div>\n\n\n\n<h4 class=\"wp-block-heading\">1. Z\u00e1kladn\u00e9 ustanovenia<\/h4>\n\n\n\n<p>Spr\u00e1vcom osobn\u00fdch \u00fadajov pod\u013ea \u00a7 5 p\u00edsm. o) z\u00e1kona \u010d. 18\/2018 Z.z. o&nbsp;ochrane osobn\u00fdch \u00fadajov, v&nbsp;znen\u00ed neskor\u0161\u00edch predpisov (\u010falej len \u201eZ\u00e1kon\u201c) a&nbsp;pod\u013ea \u010dl\u00e1nku 4 ods. 7 Nariadenia GDPR je:<br><strong>Jakub Gr\u00e1c \u2013 JG-Media.eu<\/strong><br>I\u010cO: 47920793<br>S\u00eddlo: Mieru 19 \/ 19, 044&nbsp;24 Popro\u010d<br>Email: <strong><a>grac.jakub@jg-media.eu<\/a><\/strong><br>(\u010falej len \u201eSpr\u00e1vca\u201c)<\/p>\n\n\n\n<p>Osobn\u00fdmi \u00fadajmi sa rozumej\u00fa v\u0161etky inform\u00e1cie o&nbsp;identifikovanej alebo identifikovate\u013enej fyzickej osobe. Identifikovate\u013enou osobou je tak\u00e1, ktor\u00fa mo\u017eno priamo \u010di nepriamo identifikova\u0165, najm\u00e4 pomocou identifik\u00e1tora, ako je meno, identifika\u010dn\u00e9 \u010d\u00edslo, lokaliza\u010dn\u00e9 \u00fadaje, sie\u0165ov\u00fd identifik\u00e1tor alebo jeden \u010di viac znakov fyzickej, fyziologickej, genetickej, psychickej, ekonomickej, kult\u00farnej alebo spolo\u010denskej identity.<\/p>\n\n\n\n<p>Spr\u00e1vca nevymenoval zodpovedn\u00fa osobu na&nbsp;ochranu osobn\u00fdch \u00fadajov, ke\u010f\u017ee mu t\u00e1to povinnos\u0165 nevypl\u00fdva zo z\u00e1kona.<\/p>\n\n\n\n<h4 class=\"wp-block-heading\">2. Zdroje a&nbsp;kateg\u00f3rie osobn\u00fdch \u00fadajov<\/h4>\n\n\n\n<p>Spr\u00e1vca sprac\u00fava osobn\u00e9 \u00fadaje:<\/p>\n\n\n\n<ul class=\"wp-block-list\">\n<li>ktor\u00e9 Pou\u017e\u00edvate\u013e poskytol prostredn\u00edctvom kontaktn\u00e9ho formul\u00e1ra alebo in\u00fdch formul\u00e1rov na&nbsp;webovej str\u00e1nke,<\/li>\n\n\n\n<li>ktor\u00e9 mu Pou\u017e\u00edvate\u013e poskytol v&nbsp;r\u00e1mci objedn\u00e1vky (napr. prostredn\u00edctvom <span>doplnky.shoptet.sk alebo doplnky.shoptet.<\/span>cz),<\/li>\n\n\n\n<li>ktor\u00e9 z\u00edskal na&nbsp;z\u00e1klade plnenia zmluvy,<\/li>\n\n\n\n<li>ktor\u00e9 m\u00f4\u017eu vznikn\u00fa\u0165 pri prev\u00e1dzke doplnku (napr. technick\u00e9 logy, e-mailov\u00e1 komunik\u00e1cia).<\/li>\n<\/ul>\n\n\n\n<p>Sprac\u00favan\u00e9 \u00fadaje m\u00f4\u017eu zah\u0155\u0148a\u0165 najm\u00e4:<\/p>\n\n\n\n<ul class=\"wp-block-list\">\n<li>meno a&nbsp;priezvisko,<\/li>\n\n\n\n<li>obchodn\u00fd n\u00e1zov a&nbsp;I\u010cO,<\/li>\n\n\n\n<li>faktura\u010dn\u00e9 a&nbsp;kontaktn\u00e9 \u00fadaje (e-mail, adresa, telef\u00f3n),<\/li>\n\n\n\n<li>pr\u00edpadne IP adresu a&nbsp;in\u00e9 sie\u0165ov\u00e9 identifik\u00e1tory.<\/li>\n<\/ul>\n\n\n\n<h4 class=\"wp-block-heading\">3. Pr\u00e1vny z\u00e1klad a&nbsp;\u00fa\u010del spracovania<\/h4>\n\n\n\n<p>Osobn\u00e9 \u00fadaje s\u00fa sprac\u00favan\u00e9 na&nbsp;z\u00e1klade:<\/p>\n\n\n\n<ul class=\"wp-block-list\">\n<li><strong>plnenia zmluvy<\/strong> pod\u013ea \u00a7 13 ods. 1 p\u00edsm. b) Z\u00e1kona,<\/li>\n\n\n\n<li><strong>opr\u00e1vnen\u00e9ho z\u00e1ujmu<\/strong> Spr\u00e1vcu pod\u013ea \u00a7 13 ods. 1 p\u00edsm. f) (napr. na&nbsp;priamy marketing alebo zabezpe\u010denie prev\u00e1dzky),<\/li>\n\n\n\n<li><strong>s\u00fahlasu<\/strong> Pou\u017e\u00edvate\u013ea pod\u013ea \u00a7 13 ods. 1 p\u00edsm. a) (napr. pre zasielanie newslettera, ak nie je vz\u0165ah zalo\u017een\u00fd na&nbsp;zmluve).<\/li>\n<\/ul>\n\n\n\n<p>\u00da\u010dely spracovania:<\/p>\n\n\n\n<ul class=\"wp-block-list\">\n<li>vybavenie objedn\u00e1vky a&nbsp;plnenie zmluvy,<\/li>\n\n\n\n<li>technick\u00e1 podpora a&nbsp;komunik\u00e1cia,<\/li>\n\n\n\n<li>vedenie \u00fa\u010dtovnej a&nbsp;da\u0148ovej evidencie,<\/li>\n\n\n\n<li>marketing (zasielanie newslettera alebo inform\u00e1ci\u00ed o&nbsp;nov\u00fdch funkci\u00e1ch doplnku, ak s&nbsp;t\u00fdm Pou\u017e\u00edvate\u013e s\u00fahlasil).<\/li>\n<\/ul>\n\n\n\n<p>Poskytnutie osobn\u00fdch \u00fadajov je zmluvnou po\u017eiadavkou. Bez ich poskytnutia nie je mo\u017en\u00e9 slu\u017ebu riadne poskytn\u00fa\u0165.<\/p>\n\n\n\n<h4 class=\"wp-block-heading\">4. Doba uchov\u00e1vania \u00fadajov<\/h4>\n\n\n\n<p>Osobn\u00e9 \u00fadaje s\u00fa uchov\u00e1van\u00e9:<\/p>\n\n\n\n<ul class=\"wp-block-list\">\n<li>po dobu trvania zmluvn\u00e9ho vz\u0165ahu,<\/li>\n\n\n\n<li>n\u00e1sledne po dobu 10 rokov na&nbsp;\u00fa\u010dely vedenia \u00fa\u010dtovn\u00edctva a&nbsp;pr\u00edpadn\u00e9ho uplatnenia pr\u00e1vnych n\u00e1rokov,<\/li>\n\n\n\n<li>v pr\u00edpade marketingov\u00e9ho s\u00fahlasu do jeho odvolania, najviac v\u0161ak 5 rokov od jeho udelenia.<\/li>\n<\/ul>\n\n\n\n<p>Po uplynut\u00ed doby uchov\u00e1vania bud\u00fa \u00fadaje bezpe\u010dne zlikvidovan\u00e9 alebo anonymizovan\u00e9.<\/p>\n\n\n\n<h4 class=\"wp-block-heading\">5. Pr\u00edjemcovia osobn\u00fdch \u00fadajov<\/h4>\n\n\n\n<p>Spr\u00e1vca m\u00f4\u017ee \u00fadaje spr\u00edstupni\u0165:<\/p>\n\n\n\n<ul class=\"wp-block-list\">\n<li>poskytovate\u013eom hostingov\u00fdch, technick\u00fdch a&nbsp;IT slu\u017eieb,<\/li>\n\n\n\n<li>dod\u00e1vate\u013eom \u00fa\u010dtovn\u00fdch, da\u0148ov\u00fdch alebo pr\u00e1vnych slu\u017eieb,<\/li>\n\n\n\n<li>spolo\u010dnosti Shoptet, a.s., ako sprostredkovate\u013eovi v&nbsp;r\u00e1mci Shoptet Marketplace (<span>doplnky.shoptet.sk alebo doplnky.shoptet.<\/span>cz).<\/li>\n<\/ul>\n\n\n\n<p>V pr\u00edpade pou\u017e\u00edvania cloudov\u00fdch alebo mailingov\u00fdch slu\u017eieb (napr. Google Workspace, MailerLite a&nbsp;pod.) m\u00f4\u017eu by\u0165 \u00fadaje sprac\u00favan\u00e9 v&nbsp;tret\u00edch krajin\u00e1ch. V&nbsp;takom pr\u00edpade Spr\u00e1vca zabezpe\u010d\u00ed zmluvn\u00e9 z\u00e1ruky a&nbsp;pou\u017e\u00edva slu\u017eby, ktor\u00e9 sp\u013a\u0148aj\u00fa po\u017eiadavky GDPR (napr. \u0161tandardn\u00e9 zmluvn\u00e9 dolo\u017eky).<\/p>\n\n\n\n<h4 class=\"wp-block-heading\">6. Pr\u00e1va dotknutej osoby<\/h4>\n\n\n\n<p>Pou\u017e\u00edvate\u013e ako dotknut\u00e1 osoba m\u00e1 pod\u013ea Z\u00e1kona a&nbsp;GDPR nasledovn\u00e9 pr\u00e1va:<\/p>\n\n\n\n<ul class=\"wp-block-list\">\n<li>pr\u00e1vo na&nbsp;pr\u00edstup k&nbsp;svojim osobn\u00fdm \u00fadajom,<\/li>\n\n\n\n<li>pr\u00e1vo na&nbsp;opravu alebo doplnenie nepresn\u00fdch \u00fadajov,<\/li>\n\n\n\n<li>pr\u00e1vo na&nbsp;v\u00fdmaz (\u201ezabudnutie\u201c) v&nbsp;pr\u00edpadoch ur\u010den\u00fdch z\u00e1konom,<\/li>\n\n\n\n<li>pr\u00e1vo na&nbsp;obmedzenie spracovania,<\/li>\n\n\n\n<li>pr\u00e1vo namieta\u0165 proti spracovaniu,<\/li>\n\n\n\n<li>pr\u00e1vo kedyko\u013evek odvola\u0165 s\u00fahlas so spracovan\u00edm (ak bol zalo\u017een\u00fd na&nbsp;s\u00fahlase),<\/li>\n\n\n\n<li>pr\u00e1vo poda\u0165 s\u0165a\u017enos\u0165 na&nbsp;\u00darad na&nbsp;ochranu osobn\u00fdch \u00fadajov Slovenskej republiky, ak sa domnieva, \u017ee jeho pr\u00e1va boli poru\u0161en\u00e9.<\/li>\n<\/ul>\n\n\n\n<p>Svoje pr\u00e1va m\u00f4\u017eete uplatni\u0165 elektronicky na&nbsp;adrese <strong><a>grac.jakub@jg-media.eu<\/a><\/strong>, alebo p\u00edsomne na&nbsp;adresu s\u00eddla Spr\u00e1vcu.<\/p>\n\n\n\n<h4 class=\"wp-block-heading\">7. Bezpe\u010dnos\u0165 \u00fadajov<\/h4>\n\n\n\n<p>Spr\u00e1vca vyhlasuje, \u017ee prijal primeran\u00e9 technick\u00e9 a&nbsp;organiza\u010dn\u00e9 opatrenia na&nbsp;zabezpe\u010denie osobn\u00fdch \u00fadajov, najm\u00e4:<\/p>\n\n\n\n<ul class=\"wp-block-list\">\n<li>pou\u017e\u00edvanie zabezpe\u010den\u00fdch hesiel, \u0161ifrovan\u00fdch pr\u00edstupov a&nbsp;firewallov,<\/li>\n\n\n\n<li>obmedzenie pr\u00edstupu k&nbsp;\u00fadajom len na&nbsp;opr\u00e1vnen\u00e9 osoby,<\/li>\n\n\n\n<li>pravideln\u00e9 z\u00e1lohovanie a&nbsp;kontrolu syst\u00e9mov,<\/li>\n\n\n\n<li>ochrana fyzick\u00fdch d\u00e1tov\u00fdch \u00falo\u017e\u00edsk (ak existuj\u00fa).<\/li>\n<\/ul>\n\n\n\n<h4 class=\"wp-block-heading\">8. Z\u00e1vere\u010dn\u00e9 ustanovenia<\/h4>\n\n\n\n<p>Odoslan\u00edm objedn\u00e1vky alebo pou\u017e\u00edvan\u00edm doplnku potvrdzujete, \u017ee ste si tieto z\u00e1sady pre\u010d\u00edtali a&nbsp;s\u00fahlas\u00edte s&nbsp;ich obsahom.<\/p>\n\n\n\n<p>Spr\u00e1vca si vyhradzuje pr\u00e1vo tieto Z\u00e1sady kedyko\u013evek upravi\u0165. O&nbsp;zmene budete informovan\u00fd e-mailom alebo zverejnen\u00edm na&nbsp;webovej str\u00e1nke Poskytovate\u013ea. Aktu\u00e1lne znenie je v\u017edy dostupn\u00e9 online.<\/p>\n\n\n\n<p>Tieto z\u00e1sady nadob\u00fadaj\u00fa \u00fa\u010dinnos\u0165 d\u0148a 1.&nbsp;1.&nbsp;2025.<\/p>","protected":false},"excerpt":{"rendered":"<p>Omlouv\u00e1me se, tato polo\u017eka je k&nbsp;dispozici pouze v&nbsp;Sloven\u010dina. Z\u00e1sady ochrany osobn\u00fdch \u00fadajov 1. Z\u00e1kladn\u00e9 ustanovenia Spr\u00e1vcom osobn\u00fdch \u00fadajov pod\u013ea \u00a7 5 p\u00edsm. o) z\u00e1kona \u010d. 18\/2018 Z.z. o&nbsp;ochrane osobn\u00fdch \u00fadajov, v&nbsp;znen\u00ed neskor\u0161\u00edch predpisov (\u010falej len \u201eZ\u00e1kon\u201c) a&nbsp;pod\u013ea \u010dl\u00e1nku 4 ods. 7 Nariadenia GDPR je:Jakub Gr\u00e1c \u2013 JG-Media.euI\u010cO: 47920793S\u00eddlo: Mieru 19 \/ 19, 044&nbsp;24 [&hellip;]<\/p>\n","protected":false},"author":1,"featured_media":0,"parent":0,"menu_order":0,"comment_status":"closed","ping_status":"closed","template":"","meta":{"_acf_changed":false,"footnotes":""},"class_list":["post-6093","page","type-page","status-publish","hentry"],"blocksy_meta":{"has_hero_section":"disabled","styles_descriptor":{"styles":{"desktop":"","tablet":"","mobile":""},"google_fonts":[],"version":6}},"acf":[],"_links":{"self":[{"href":"https:\/\/www.jg-media.eu\/cs\/wp-json\/wp\/v2\/pages\/6093","targetHints":{"allow":["GET"]}}],"collection":[{"href":"https:\/\/www.jg-media.eu\/cs\/wp-json\/wp\/v2\/pages"}],"about":[{"href":"https:\/\/www.jg-media.eu\/cs\/wp-json\/wp\/v2\/types\/page"}],"author":[{"embeddable":true,"href":"https:\/\/www.jg-media.eu\/cs\/wp-json\/wp\/v2\/users\/1"}],"replies":[{"embeddable":true,"href":"https:\/\/www.jg-media.eu\/cs\/wp-json\/wp\/v2\/comments?post=6093"}],"version-history":[{"count":6,"href":"https:\/\/www.jg-media.eu\/cs\/wp-json\/wp\/v2\/pages\/6093\/revisions"}],"predecessor-version":[{"id":6205,"href":"https:\/\/www.jg-media.eu\/cs\/wp-json\/wp\/v2\/pages\/6093\/revisions\/6205"}],"wp:attachment":[{"href":"https:\/\/www.jg-media.eu\/cs\/wp-json\/wp\/v2\/media?parent=6093"}],"curies":[{"name":"wp","href":"https:\/\/api.w.org\/{rel}","templated":true}]}}